{"id":1702,"date":"2026-07-14T18:58:14","date_gmt":"2026-07-14T18:58:14","guid":{"rendered":"https:\/\/wd-space.com\/?page_id=1702"},"modified":"2026-07-28T14:38:12","modified_gmt":"2026-07-28T14:38:12","slug":"rueckentraining","status":"publish","type":"page","link":"https:\/\/wd-space.com\/en\/leistungen\/rueckentraining\/","title":{"rendered":"R\u00fcckentraining"},"content":{"rendered":"<div data-elementor-type=\"wp-page\" data-elementor-id=\"1702\" class=\"elementor elementor-1702\" data-elementor-post-type=\"page\"> \t\t\t\t<section class=\"elementor-element elementor-element-hero e-con-full e-flex e-con e-parent\" data-id=\"hero\" data-element_type=\"container\" data-e-type=\"container\" data-settings=\"{&quot;background_background&quot;:&quot;classic&quot;}\"> \t\t<div class=\"elementor-element elementor-element-hero-left animated-fast e-flex e-con-boxed elementor-invisible e-con e-child\" data-id=\"hero-left\" data-element_type=\"container\" data-e-type=\"container\" data-settings=\"{&quot;animation&quot;:&quot;fadeInLeft&quot;}\"> \t\t\t\t\t<div class=\"e-con-inner\"> \t\t\t\t<div class=\"elementor-element elementor-element-hero-eyebrow elementor-widget elementor-widget-heading\" data-id=\"hero-eyebrow\" data-element_type=\"widget\" data-e-type=\"widget\" data-widget_type=\"heading.default\"> \t\t\t\t<div class=\"elementor-widget-container\"> \t\t\t\t\t<p class=\"elementor-heading-title elementor-size-default\">Personal Training \u00b7 R\u00fcckentraining<\/p>\t\t\t\t<\/div> \t\t\t\t<\/div> \t\t\t\t<div class=\"elementor-element elementor-element-hero-title elementor-widget elementor-widget-heading\" data-id=\"hero-title\" data-element_type=\"widget\" data-e-type=\"widget\" data-widget_type=\"heading.default\"> \t\t\t\t<div class=\"elementor-widget-container\"> \t\t\t\t\t<h1 class=\"elementor-heading-title elementor-size-default\">R\u00fcckenschmerzen durch B\u00fcroalltag lindern: R\u00fcckentraining mit Personal Trainer in Berlin<\/h1>\t\t\t\t<\/div> \t\t\t\t<\/div> \t\t\t\t<div class=\"elementor-element elementor-element-hero-subtitle elementor-widget elementor-widget-text-editor\" data-id=\"hero-subtitle\" data-element_type=\"widget\" data-e-type=\"widget\" data-widget_type=\"text-editor.default\"> \t\t\t\t<div class=\"elementor-widget-container\"> \t\t\t\t\t\t\t\t\t<p>Gezieltes Training gegen R\u00fcckenschmerzen und f\u00fcr eine starke, stabile Haltung \u2013 individuell abgestimmt auf deinen Alltag und deine Beschwerden.<\/p>\t\t\t\t\t\t\t\t<\/div> \t\t\t\t<\/div> \t\t<div class=\"elementor-element elementor-element-hero-cta-row e-flex e-con-boxed e-con e-child\" data-id=\"hero-cta-row\" data-element_type=\"container\" data-e-type=\"container\"> \t\t\t\t\t<div class=\"e-con-inner\"> \t\t\t\t<div class=\"elementor-element elementor-element-hero-cta-primary elementor-widget elementor-widget-button\" data-id=\"hero-cta-primary\" data-element_type=\"widget\" data-e-type=\"widget\" data-widget_type=\"button.default\"> \t\t\t\t<div class=\"elementor-widget-container\"> \t\t\t\t\t\t\t\t\t<div class=\"elementor-button-wrapper\"> \t\t\t\t\t<a class=\"elementor-button elementor-button-link elementor-size-lg\" href=\"https:\/\/wd-space.com\/formular-client\/\" rel=\"nofollow\"> \t\t\t\t\t\t<span class=\"elementor-button-content-wrapper\"> \t\t\t\t\t\t\t\t\t<span class=\"elementor-button-text\">Jetzt kostenlos anfragen<\/span> \t\t\t\t\t<\/span> \t\t\t\t\t<\/a> \t\t\t\t<\/div> \t\t\t\t\t\t\t\t<\/div> \t\t\t\t<\/div> \t\t\t\t<div class=\"elementor-element elementor-element-hero-cta-secondary elementor-widget elementor-widget-button\" data-id=\"hero-cta-secondary\" data-element_type=\"widget\" data-e-type=\"widget\" data-widget_type=\"button.default\"> \t\t\t\t<div class=\"elementor-widget-container\"> \t\t\t\t\t\t\t\t\t<div class=\"elementor-button-wrapper\"> \t\t\t\t\t<a class=\"elementor-button elementor-button-link elementor-size-lg\" href=\"https:\/\/wd-space.com\/leistungen\/\"> \t\t\t\t\t\t<span class=\"elementor-button-content-wrapper\"> \t\t\t\t\t\t\t\t\t<span class=\"elementor-button-text\">Alle Leistungen<\/span> \t\t\t\t\t<\/span> \t\t\t\t\t<\/a> \t\t\t\t<\/div> \t\t\t\t\t\t\t\t<\/div> \t\t\t\t<\/div> \t\t\t\t\t<\/div> \t\t\t\t<\/div> \t\t\t\t\t<\/div> \t\t\t\t<\/div> \t\t<div class=\"elementor-element elementor-element-hero-right animated-fast e-flex e-con-boxed elementor-invisible e-con e-child\" data-id=\"hero-right\" data-element_type=\"container\" data-e-type=\"container\" data-settings=\"{&quot;background_background&quot;:&quot;classic&quot;,&quot;animation&quot;:&quot;fadeInRight&quot;,&quot;animation_delay&quot;:150}\" role=\"img\" aria-label=\"R\u00fcckentraining mit Personal Trainer am Kabelzug bei WD Space\"> \t\t\t\t\t<div class=\"e-con-inner\"> \t\t\t\t\t<\/div> \t\t\t\t<\/div> \t\t\t\t<\/section> \t\t<div class=\"elementor-element elementor-element-facts e-flex e-con-boxed e-con e-parent\" data-id=\"facts\" data-element_type=\"container\" data-e-type=\"container\" data-settings=\"{&quot;background_background&quot;:&quot;classic&quot;}\"> \t\t\t\t\t<div class=\"e-con-inner\"> \t\t<div class=\"elementor-element elementor-element-facts-grid e-grid e-con-boxed e-con e-child\" data-id=\"facts-grid\" data-element_type=\"container\" data-e-type=\"container\"> \t\t\t\t\t<div class=\"e-con-inner\"> \t\t<div class=\"elementor-element elementor-element-fact-1 e-flex e-con-boxed elementor-invisible e-con e-child\" data-id=\"fact-1\" data-element_type=\"container\" data-e-type=\"container\" data-settings=\"{&quot;animation&quot;:&quot;fadeInUp&quot;,&quot;animation_delay&quot;:0}\"> \t\t\t\t\t<div class=\"e-con-inner\"> \t\t\t\t<div class=\"elementor-element elementor-element-fact-1-value elementor-widget elementor-widget-heading\" data-id=\"fact-1-value\" data-element_type=\"widget\" data-e-type=\"widget\" data-widget_type=\"heading.default\"> \t\t\t\t<div class=\"elementor-widget-container\"> \t\t\t\t\t<div class=\"elementor-heading-title elementor-size-default\">2<\/div>\t\t\t\t<\/div> \t\t\t\t<\/div> \t\t\t\t<div class=\"elementor-element elementor-element-fact-1-label elementor-widget elementor-widget-text-editor\" data-id=\"fact-1-label\" data-element_type=\"widget\" data-e-type=\"widget\" data-widget_type=\"text-editor.default\"> \t\t\t\t<div class=\"elementor-widget-container\"> \t\t\t\t\t\t\t\t\t<p>Hauptursachen f\u00fcr R\u00fcckenschmerzen im B\u00fcroalltag: Bewegungsmangel und Fehlbelastung<\/p>\t\t\t\t\t\t\t\t<\/div> \t\t\t\t<\/div> \t\t\t\t\t<\/div> \t\t\t\t<\/div> \t\t<div class=\"elementor-element elementor-element-fact-2 e-flex e-con-boxed elementor-invisible e-con e-child\" data-id=\"fact-2\" data-element_type=\"container\" data-e-type=\"container\" data-settings=\"{&quot;animation&quot;:&quot;fadeInUp&quot;,&quot;animation_delay&quot;:100}\"> \t\t\t\t\t<div class=\"e-con-inner\"> \t\t\t\t<div class=\"elementor-element elementor-element-fact-2-value elementor-widget elementor-widget-heading\" data-id=\"fact-2-value\" data-element_type=\"widget\" data-e-type=\"widget\" data-widget_type=\"heading.default\"> \t\t\t\t<div class=\"elementor-widget-container\"> \t\t\t\t\t<div class=\"elementor-heading-title elementor-size-default\">2026<\/div>\t\t\t\t<\/div> \t\t\t\t<\/div> \t\t\t\t<div class=\"elementor-element elementor-element-fact-2-label elementor-widget elementor-widget-text-editor\" data-id=\"fact-2-label\" data-element_type=\"widget\" data-e-type=\"widget\" data-widget_type=\"text-editor.default\"> \t\t\t\t<div class=\"elementor-widget-container\"> \t\t\t\t\t\t\t\t\t<p>Aktualisierte G-BA-Leitlinie empfiehlt Bewegung statt Schonung bei R\u00fcckenschmerzen<\/p>\t\t\t\t\t\t\t\t<\/div> \t\t\t\t<\/div> \t\t\t\t\t<\/div> \t\t\t\t<\/div> \t\t<div class=\"elementor-element elementor-element-fact-3 e-flex e-con-boxed elementor-invisible e-con e-child\" data-id=\"fact-3\" data-element_type=\"container\" data-e-type=\"container\" data-settings=\"{&quot;animation&quot;:&quot;fadeInUp&quot;,&quot;animation_delay&quot;:200}\"> \t\t\t\t\t<div class=\"e-con-inner\"> \t\t\t\t<div class=\"elementor-element elementor-element-fact-3-value elementor-widget elementor-widget-heading\" data-id=\"fact-3-value\" data-element_type=\"widget\" data-e-type=\"widget\" data-widget_type=\"heading.default\"> \t\t\t\t<div class=\"elementor-widget-container\"> \t\t\t\t\t<div class=\"elementor-heading-title elementor-size-default\">2\u20133x<\/div>\t\t\t\t<\/div> \t\t\t\t<\/div> \t\t\t\t<div class=\"elementor-element elementor-element-fact-3-label elementor-widget elementor-widget-text-editor\" data-id=\"fact-3-label\" data-element_type=\"widget\" data-e-type=\"widget\" data-widget_type=\"text-editor.default\"> \t\t\t\t<div class=\"elementor-widget-container\"> \t\t\t\t\t\t\t\t\t<p>Training pro Woche wird f\u00fcr sp\u00fcrbare Besserung empfohlen<\/p>\t\t\t\t\t\t\t\t<\/div> \t\t\t\t<\/div> \t\t\t\t\t<\/div> \t\t\t\t<\/div> \t\t<div class=\"elementor-element elementor-element-fact-4 e-flex e-con-boxed elementor-invisible e-con e-child\" data-id=\"fact-4\" data-element_type=\"container\" data-e-type=\"container\" data-settings=\"{&quot;animation&quot;:&quot;fadeInUp&quot;,&quot;animation_delay&quot;:300}\"> \t\t\t\t\t<div class=\"e-con-inner\"> \t\t\t\t<div class=\"elementor-element elementor-element-fact-4-value elementor-widget elementor-widget-heading\" data-id=\"fact-4-value\" data-element_type=\"widget\" data-e-type=\"widget\" data-widget_type=\"heading.default\"> \t\t\t\t<div class=\"elementor-widget-container\"> \t\t\t\t\t<div class=\"elementor-heading-title elementor-size-default\">10 Min<\/div>\t\t\t\t<\/div> \t\t\t\t<\/div> \t\t\t\t<div class=\"elementor-element elementor-element-fact-4-label elementor-widget elementor-widget-text-editor\" data-id=\"fact-4-label\" data-element_type=\"widget\" data-e-type=\"widget\" data-widget_type=\"text-editor.default\"> \t\t\t\t<div class=\"elementor-widget-container\"> \t\t\t\t\t\t\t\t\t<p>t\u00e4gliche Routine kann bereits erste Entlastung bringen<\/p>\t\t\t\t\t\t\t\t<\/div> \t\t\t\t<\/div> \t\t\t\t\t<\/div> \t\t\t\t<\/div> \t\t\t\t\t<\/div> \t\t\t\t<\/div> \t\t\t\t\t<\/div> \t\t\t\t<\/div> \t\t<section class=\"elementor-element elementor-element-hauptinhalt e-flex e-con-boxed e-con e-parent\" data-id=\"hauptinhalt\" data-element_type=\"container\" data-e-type=\"container\" data-settings=\"{&quot;background_background&quot;:&quot;classic&quot;}\"> \t\t\t\t\t<div class=\"e-con-inner\"> \t\t<div class=\"elementor-element elementor-element-hauptinhalt-intro e-flex e-con-boxed elementor-invisible e-con e-child\" data-id=\"hauptinhalt-intro\" data-element_type=\"container\" data-e-type=\"container\" data-settings=\"{&quot;animation&quot;:&quot;fadeInUp&quot;}\"> \t\t\t\t\t<div class=\"e-con-inner\"> \t\t\t\t<div class=\"elementor-element elementor-element-hauptinhalt-eyebrow elementor-widget elementor-widget-heading\" data-id=\"hauptinhalt-eyebrow\" data-element_type=\"widget\" data-e-type=\"widget\" data-widget_type=\"heading.default\"> \t\t\t\t<div class=\"elementor-widget-container\"> \t\t\t\t\t<p class=\"elementor-heading-title elementor-size-default\">R\u00fcckentraining bei WD Space<\/p>\t\t\t\t<\/div> \t\t\t\t<\/div> \t\t\t\t<div class=\"elementor-element elementor-element-hauptinhalt-title elementor-widget elementor-widget-heading\" data-id=\"hauptinhalt-title\" data-element_type=\"widget\" data-e-type=\"widget\" data-widget_type=\"heading.default\"> \t\t\t\t<div class=\"elementor-widget-container\"> \t\t\t\t\t<h2 class=\"elementor-heading-title elementor-size-default\">Dein R\u00fccken tut nicht weh, weil er schwach ist \u2013 er tut weh, weil er das nicht gewohnt ist<\/h2>\t\t\t\t<\/div> \t\t\t\t<\/div> \t\t\t\t<div class=\"elementor-element elementor-element-hauptinhalt-lead elementor-widget elementor-widget-text-editor\" data-id=\"hauptinhalt-lead\" data-element_type=\"widget\" data-e-type=\"widget\" data-widget_type=\"text-editor.default\"> \t\t\t\t<div class=\"elementor-widget-container\"> \t\t\t\t\t\t\t\t\t<p>R&uuml;ckenschmerzen sind einer der h&auml;ufigsten Gr&uuml;nde, warum Menschen &uuml;berhaupt bei uns anfragen. Meistens h&ouml;rt man dann S&auml;tze wie &bdquo;ich sitze den ganzen Tag im B&uuml;ro&ldquo; oder &bdquo;ich habe einfach einen schwachen R&uuml;cken, das war schon immer so&ldquo;.<\/p><p>Die gute Nachricht zuerst: Bei den allermeisten Menschen mit R&uuml;ckenschmerzen im Alltag steckt keine ernsthafte strukturelle Verletzung dahinter, sondern schlicht mangelnde Beweglichkeit und Kraft in genau den Bereichen, die den R&uuml;cken eigentlich entlasten sollten &ndash; Rumpfmuskulatur, Ges&auml;&szlig;, obere R&uuml;ckenmuskulatur zwischen den Schulterbl&auml;ttern.<\/p>\t\t\t\t\t\t\t\t<\/div> \t\t\t\t<\/div> \t\t\t\t\t<\/div> \t\t\t\t<\/div> \t\t<div class=\"elementor-element elementor-element-block-ursachen e-grid e-con-boxed elementor-invisible e-con e-child\" data-id=\"block-ursachen\" data-element_type=\"container\" data-e-type=\"container\" data-settings=\"{&quot;animation&quot;:&quot;fadeInUp&quot;}\"> \t\t\t\t\t<div class=\"e-con-inner\"> \t\t<div class=\"elementor-element elementor-element-block-ursachen-text e-flex e-con-boxed e-con e-child\" data-id=\"block-ursachen-text\" data-element_type=\"container\" data-e-type=\"container\"> \t\t\t\t\t<div class=\"e-con-inner\"> \t\t\t\t<div class=\"elementor-element elementor-element-block-ursachen-tag elementor-widget elementor-widget-heading\" data-id=\"block-ursachen-tag\" data-element_type=\"widget\" data-e-type=\"widget\" data-widget_type=\"heading.default\"> \t\t\t\t<div class=\"elementor-widget-container\"> \t\t\t\t\t<div class=\"elementor-heading-title elementor-size-default\">Die Ursache verstehen<\/div>\t\t\t\t<\/div> \t\t\t\t<\/div> \t\t\t\t<div class=\"elementor-element elementor-element-block-ursachen-title elementor-widget elementor-widget-heading\" data-id=\"block-ursachen-title\" data-element_type=\"widget\" data-e-type=\"widget\" data-widget_type=\"heading.default\"> \t\t\t\t<div class=\"elementor-widget-container\"> \t\t\t\t\t<h2 class=\"elementor-heading-title elementor-size-default\">Warum dein R\u00fccken schmerzt<\/h2>\t\t\t\t<\/div> \t\t\t\t<\/div> \t\t\t\t<div class=\"elementor-element elementor-element-block-ursachen-body elementor-widget elementor-widget-text-editor\" data-id=\"block-ursachen-body\" data-element_type=\"widget\" data-e-type=\"widget\" data-widget_type=\"text-editor.default\"> \t\t\t\t<div class=\"elementor-widget-container\"> \t\t\t\t\t\t\t\t\t<p>Der R&uuml;cken selbst ist meistens nicht das eigentliche Problem, sondern das, was ihn im Alltag zu wenig unterst&uuml;tzt und ihm st&auml;ndig die gesamte Last &uuml;berl&auml;sst. Wer acht Stunden am Schreibtisch sitzt, belastet Schultern, Nacken und unteren R&uuml;cken einseitig &ndash; w&auml;hrend die stabilisierende Muskulatur mangels Beanspruchung schw&auml;cher wird. Wichtig zu wissen: Wenn deine Schmerzen sehr stark sind, ausstrahlen (zum Beispiel ins Bein), mit Taubheitsgef&uuml;hlen einhergehen oder ganz pl&ouml;tzlich aufgetreten sind, geh&ouml;rt das erstmal in &auml;rztliche H&auml;nde &ndash; das ersetzt kein Personal Training. Bei den typischen, allt&auml;glichen Verspannungen nach einem langen B&uuml;rotag sieht die Sache anders aus &ndash; hier kann gezieltes Training sehr viel bewirken.<\/p>\t\t\t\t\t\t\t\t<\/div> \t\t\t\t<\/div> \t\t\t\t\t<\/div> \t\t\t\t<\/div> \t\t<div class=\"elementor-element elementor-element-block-ursachen-photo e-transform e-flex e-con-boxed e-con e-child\" data-id=\"block-ursachen-photo\" data-element_type=\"container\" data-e-type=\"container\" data-settings=\"{&quot;background_background&quot;:&quot;classic&quot;,&quot;_transform_scale_effect_hover&quot;:{&quot;unit&quot;:&quot;px&quot;,&quot;size&quot;:1.08,&quot;sizes&quot;:[]},&quot;_transform_scale_effect_hover_tablet&quot;:{&quot;unit&quot;:&quot;px&quot;,&quot;size&quot;:&quot;&quot;,&quot;sizes&quot;:[]},&quot;_transform_scale_effect_hover_mobile&quot;:{&quot;unit&quot;:&quot;px&quot;,&quot;size&quot;:&quot;&quot;,&quot;sizes&quot;:[]}}\" role=\"img\" aria-label=\"R\u00fcckenstabilisation mit Kabelzug auf Bosu-Ball bei WD Space\"> \t\t\t\t\t<div class=\"e-con-inner\"> \t\t\t\t\t<\/div> \t\t\t\t<\/div> \t\t\t\t\t<\/div> \t\t\t\t<\/div> \t\t<div class=\"elementor-element elementor-element-block-bewegung e-con-full e-flex elementor-invisible e-con e-child\" data-id=\"block-bewegung\" data-element_type=\"container\" data-e-type=\"container\" data-settings=\"{&quot;background_background&quot;:&quot;classic&quot;,&quot;animation&quot;:&quot;fadeIn&quot;}\" role=\"img\" aria-label=\"Personal Trainer korrigiert Rumpfstabilisation in Echtzeit bei WD Space\"> \t\t<div class=\"elementor-element elementor-element-block-bewegung-inner e-flex e-con-boxed e-con e-child\" data-id=\"block-bewegung-inner\" data-element_type=\"container\" data-e-type=\"container\"> \t\t\t\t\t<div class=\"e-con-inner\"> \t\t\t\t<div class=\"elementor-element elementor-element-block-bewegung-tag elementor-widget elementor-widget-heading\" data-id=\"block-bewegung-tag\" data-element_type=\"widget\" data-e-type=\"widget\" data-widget_type=\"heading.default\"> \t\t\t\t<div class=\"elementor-widget-container\"> \t\t\t\t\t<div class=\"elementor-heading-title elementor-size-default\">Aktuelle medizinische Empfehlung<\/div>\t\t\t\t<\/div> \t\t\t\t<\/div> \t\t\t\t<div class=\"elementor-element elementor-element-block-bewegung-title elementor-widget elementor-widget-heading\" data-id=\"block-bewegung-title\" data-element_type=\"widget\" data-e-type=\"widget\" data-widget_type=\"heading.default\"> \t\t\t\t<div class=\"elementor-widget-container\"> \t\t\t\t\t<h2 class=\"elementor-heading-title elementor-size-default\">Bewegung statt Schonung<\/h2>\t\t\t\t<\/div> \t\t\t\t<\/div> \t\t\t\t<div class=\"elementor-element elementor-element-block-bewegung-body elementor-widget elementor-widget-text-editor\" data-id=\"block-bewegung-body\" data-element_type=\"widget\" data-e-type=\"widget\" data-widget_type=\"text-editor.default\"> \t\t\t\t<div class=\"elementor-widget-container\"> \t\t\t\t\t\t\t\t\t<p>Lange galt Schonung als Antwort auf R\u00fcckenschmerzen. Diese Empfehlung ist \u00fcberholt: Der Gemeinsame Bundesausschuss (G-BA) hat 2026 bekr\u00e4ftigt, dass k\u00f6rperliche Aktivit\u00e4t statt Schonung im Vordergrund stehen sollte. Wer sich zu lange schont, riskiert, dass sich die Schmerzen verst\u00e4rken und chronisch werden \u2013 fr\u00fche, angepasste Bewegung verbessert dagegen die Prognose deutlich. Entscheidend ist das Wort \u201eangepasst\u201c: Nicht jede Bewegung hilft gleich gut, und die Dosierung macht den Unterschied. Genau hier setzt ein individueller Trainingsplan an, der dich schrittweise und sicher wieder in Bewegung bringt.<\/p>\t\t\t\t\t\t\t\t<\/div> \t\t\t\t<\/div> \t\t\t\t\t<\/div> \t\t\t\t<\/div> \t\t\t\t<\/div> \t\t<div class=\"elementor-element elementor-element-block-warum-pt e-grid e-con-boxed elementor-invisible e-con e-child\" data-id=\"block-warum-pt\" data-element_type=\"container\" data-e-type=\"container\" data-settings=\"{&quot;animation&quot;:&quot;fadeInUp&quot;}\"> \t\t\t\t\t<div class=\"e-con-inner\"> \t\t<div class=\"elementor-element elementor-element-block-warum-pt-photo e-transform e-flex e-con-boxed e-con e-child\" data-id=\"block-warum-pt-photo\" data-element_type=\"container\" data-e-type=\"container\" data-settings=\"{&quot;background_background&quot;:&quot;classic&quot;,&quot;_transform_scale_effect_hover&quot;:{&quot;unit&quot;:&quot;px&quot;,&quot;size&quot;:1.08,&quot;sizes&quot;:[]},&quot;_transform_scale_effect_hover_tablet&quot;:{&quot;unit&quot;:&quot;px&quot;,&quot;size&quot;:&quot;&quot;,&quot;sizes&quot;:[]},&quot;_transform_scale_effect_hover_mobile&quot;:{&quot;unit&quot;:&quot;px&quot;,&quot;size&quot;:&quot;&quot;,&quot;sizes&quot;:[]}}\" role=\"img\" aria-label=\"Personal Trainer korrigiert Technik beim Kreuzheben bei WD Space\"> \t\t\t\t\t<div class=\"e-con-inner\"> \t\t\t\t\t<\/div> \t\t\t\t<\/div> \t\t<div class=\"elementor-element elementor-element-block-warum-pt-text e-flex e-con-boxed e-con e-child\" data-id=\"block-warum-pt-text\" data-element_type=\"container\" data-e-type=\"container\"> \t\t\t\t\t<div class=\"e-con-inner\"> \t\t\t\t<div class=\"elementor-element elementor-element-block-warum-pt-tag elementor-widget elementor-widget-heading\" data-id=\"block-warum-pt-tag\" data-element_type=\"widget\" data-e-type=\"widget\" data-widget_type=\"heading.default\"> \t\t\t\t<div class=\"elementor-widget-container\"> \t\t\t\t\t<div class=\"elementor-heading-title elementor-size-default\">Unser Ansatz<\/div>\t\t\t\t<\/div> \t\t\t\t<\/div> \t\t\t\t<div class=\"elementor-element elementor-element-block-warum-pt-title elementor-widget elementor-widget-heading\" data-id=\"block-warum-pt-title\" data-element_type=\"widget\" data-e-type=\"widget\" data-widget_type=\"heading.default\"> \t\t\t\t<div class=\"elementor-widget-container\"> \t\t\t\t\t<h2 class=\"elementor-heading-title elementor-size-default\">Was wir konkret machen<\/h2>\t\t\t\t<\/div> \t\t\t\t<\/div> \t\t\t\t<div class=\"elementor-element elementor-element-block-warum-pt-body elementor-widget elementor-widget-text-editor\" data-id=\"block-warum-pt-body\" data-element_type=\"widget\" data-e-type=\"widget\" data-widget_type=\"text-editor.default\"> \t\t\t\t<div class=\"elementor-widget-container\"> \t\t\t\t\t\t\t\t\t<p>Wir bauen gezielt die Muskulatur auf, die deinen R&uuml;cken im Alltag st&uuml;tzt &ndash; nicht mit isolierten &bdquo;R&uuml;cken\u00fcbungen&ldquo; von der Stange, sondern mit Bewegungen, die zu dem passen, was dein Alltag tats&auml;chlich von dir verlangt: Heben, Tragen, Sitzen, Aufstehen. Parallel arbeiten wir an Beweglichkeit in H&uuml;fte und Brustwirbels&auml;ule, weil eingeschr&auml;nkte Beweglichkeit dort oft der eigentliche Grund ist, warum der untere R&uuml;cken &uuml;berlastet wird. Und wir zeigen dir Dinge, die du auch ohne uns machen kannst: wie du am Schreibtisch sitzt, wie du dich beim Heben bewegst, welche kleinen &Uuml;bungen zwischendurch schon einen sp&uuml;rbaren Unterschied machen.<\/p>\t\t\t\t\t\t\t\t<\/div> \t\t\t\t<\/div> \t\t\t\t\t<\/div> \t\t\t\t<\/div> \t\t\t\t\t<\/div> \t\t\t\t<\/div> \t\t<div class=\"elementor-element elementor-element-block-safety e-flex e-con-boxed elementor-invisible e-con e-child\" data-id=\"block-safety\" data-element_type=\"container\" data-e-type=\"container\" data-settings=\"{&quot;animation&quot;:&quot;fadeIn&quot;}\"> \t\t\t\t\t<div class=\"e-con-inner\"> \t\t\t\t<div class=\"elementor-element elementor-element-block-safety-title elementor-widget elementor-widget-heading\" data-id=\"block-safety-title\" data-element_type=\"widget\" data-e-type=\"widget\" data-widget_type=\"heading.default\"> \t\t\t\t<div class=\"elementor-widget-container\"> \t\t\t\t\t<h3 class=\"elementor-heading-title elementor-size-default\">\u26a0 Wichtig: Wann du vorher zum Arzt solltest<\/h3>\t\t\t\t<\/div> \t\t\t\t<\/div> \t\t\t\t<div class=\"elementor-element elementor-element-block-safety-body elementor-widget elementor-widget-text-editor\" data-id=\"block-safety-body\" data-element_type=\"widget\" data-e-type=\"widget\" data-widget_type=\"text-editor.default\"> \t\t\t\t<div class=\"elementor-widget-container\"> \t\t\t\t\t\t\t\t\t<p>R\u00fcckentraining ersetzt keine \u00e4rztliche Abkl\u00e4rung. Suche zeitnah \u00e4rztlichen Rat, wenn Schmerzen nach einem Unfall auftreten, mit Taubheitsgef\u00fchl oder L\u00e4hmungserscheinungen in den Beinen einhergehen, von Fieber begleitet werden oder nach wenigen Tagen nicht nachlassen bzw. immer wiederkehren. Bei Vorerkrankungen wie einem Bandscheibenvorfall oder einer Spinalkanalstenose sprich vorab mit deinem Arzt oder deiner \u00c4rztin. Dein Personal Trainer bei WD Space stimmt sich bei Bedarf eng mit deinen medizinischen Vorgaben ab.<\/p>\t\t\t\t\t\t\t\t<\/div> \t\t\t\t<\/div> \t\t\t\t\t<\/div> \t\t\t\t<\/div> \t\t<div class=\"elementor-element elementor-element-block-alltag e-grid e-con-boxed elementor-invisible e-con e-child\" data-id=\"block-alltag\" data-element_type=\"container\" data-e-type=\"container\" data-settings=\"{&quot;animation&quot;:&quot;fadeInUp&quot;}\"> \t\t\t\t\t<div class=\"e-con-inner\"> \t\t<div class=\"elementor-element elementor-element-block-alltag-text e-flex e-con-boxed e-con e-child\" data-id=\"block-alltag-text\" data-element_type=\"container\" data-e-type=\"container\"> \t\t\t\t\t<div class=\"e-con-inner\"> \t\t\t\t<div class=\"elementor-element elementor-element-block-alltag-tag elementor-widget elementor-widget-heading\" data-id=\"block-alltag-tag\" data-element_type=\"widget\" data-e-type=\"widget\" data-widget_type=\"heading.default\"> \t\t\t\t<div class=\"elementor-widget-container\"> \t\t\t\t\t<div class=\"elementor-heading-title elementor-size-default\">R\u00fccken im Alltag st\u00e4rken<\/div>\t\t\t\t<\/div> \t\t\t\t<\/div> \t\t\t\t<div class=\"elementor-element elementor-element-block-alltag-title elementor-widget elementor-widget-heading\" data-id=\"block-alltag-title\" data-element_type=\"widget\" data-e-type=\"widget\" data-widget_type=\"heading.default\"> \t\t\t\t<div class=\"elementor-widget-container\"> \t\t\t\t\t<h2 class=\"elementor-heading-title elementor-size-default\">Was du zwischen den Trainingseinheiten tun kannst<\/h2>\t\t\t\t<\/div> \t\t\t\t<\/div> \t\t\t\t<div class=\"elementor-element elementor-element-block-alltag-body elementor-widget elementor-widget-text-editor\" data-id=\"block-alltag-body\" data-element_type=\"widget\" data-e-type=\"widget\" data-widget_type=\"text-editor.default\"> \t\t\t\t<div class=\"elementor-widget-container\"> \t\t\t\t\t\t\t\t\t<p>Wenn du viel sitzt, hilft es oft mehr, alle 45 bis 60 Minuten kurz aufzustehen und dich ein paar Schritte zu bewegen, als den ganzen Tag krampfhaft die &bdquo;perfekte&ldquo; ergonomische Haltung zu halten. Bewegung schl&auml;gt Haltung &ndash; dein R&uuml;cken ist nicht daf&uuml;r gemacht, stundenlang in einer einzigen Position zu verharren, egal wie gerade diese Position ist. Bei WD Space bekommst du neben deinem Trainingsplan auch praktische Tipps f&uuml;r genau diese kleinen Momente zwischendurch.<\/p>\t\t\t\t\t\t\t\t<\/div> \t\t\t\t<\/div> \t\t\t\t\t<\/div> \t\t\t\t<\/div> \t\t<div class=\"elementor-element elementor-element-block-alltag-photo e-transform e-flex e-con-boxed e-con e-child\" data-id=\"block-alltag-photo\" data-element_type=\"container\" data-e-type=\"container\" data-settings=\"{&quot;background_background&quot;:&quot;classic&quot;,&quot;_transform_scale_effect_hover&quot;:{&quot;unit&quot;:&quot;px&quot;,&quot;size&quot;:1.08,&quot;sizes&quot;:[]},&quot;_transform_scale_effect_hover_tablet&quot;:{&quot;unit&quot;:&quot;px&quot;,&quot;size&quot;:&quot;&quot;,&quot;sizes&quot;:[]},&quot;_transform_scale_effect_hover_mobile&quot;:{&quot;unit&quot;:&quot;px&quot;,&quot;size&quot;:&quot;&quot;,&quot;sizes&quot;:[]}}\" role=\"img\" aria-label=\"Mobilisation und R\u00fcckendehnung im Personal Training bei WD Space\"> \t\t\t\t\t<div class=\"e-con-inner\"> \t\t\t\t\t<\/div> \t\t\t\t<\/div> \t\t\t\t\t<\/div> \t\t\t\t<\/div> \t\t<div class=\"elementor-element elementor-element-hauptinhalt-cta-row e-flex e-con-boxed e-con e-child\" data-id=\"hauptinhalt-cta-row\" data-element_type=\"container\" data-e-type=\"container\"> \t\t\t\t\t<div class=\"e-con-inner\"> \t\t\t\t<div class=\"elementor-element elementor-element-hauptinhalt-cta elementor-widget elementor-widget-button\" data-id=\"hauptinhalt-cta\" data-element_type=\"widget\" data-e-type=\"widget\" data-widget_type=\"button.default\"> \t\t\t\t<div class=\"elementor-widget-container\"> \t\t\t\t\t\t\t\t\t<div class=\"elementor-button-wrapper\"> \t\t\t\t\t<a class=\"elementor-button elementor-button-link elementor-size-md\" href=\"https:\/\/wd-space.com\/formular-client\/\" rel=\"nofollow\"> \t\t\t\t\t\t<span class=\"elementor-button-content-wrapper\"> \t\t\t\t\t\t\t\t\t<span class=\"elementor-button-text\">Jetzt kostenlos anfragen<\/span> \t\t\t\t\t<\/span> \t\t\t\t\t<\/a> \t\t\t\t<\/div> \t\t\t\t\t\t\t\t<\/div> \t\t\t\t<\/div> \t\t\t\t\t<\/div> \t\t\t\t<\/div> \t\t\t\t\t<\/div> \t\t\t\t<\/section> \t\t<section class=\"elementor-element elementor-element-faq e-flex e-con-boxed elementor-invisible e-con e-parent\" data-id=\"faq\" data-element_type=\"container\" data-e-type=\"container\" data-settings=\"{&quot;background_background&quot;:&quot;classic&quot;,&quot;animation&quot;:&quot;fadeInUp&quot;}\"> \t\t\t\t\t<div class=\"e-con-inner\"> \t\t\t\t<div class=\"elementor-element elementor-element-faq-title elementor-widget elementor-widget-heading\" data-id=\"faq-title\" data-element_type=\"widget\" data-e-type=\"widget\" data-widget_type=\"heading.default\"> \t\t\t\t<div class=\"elementor-widget-container\"> \t\t\t\t\t<h2 class=\"elementor-heading-title elementor-size-default\">H\u00e4ufige Fragen zu R\u00fcckentraining mit Personal Trainer<\/h2>\t\t\t\t<\/div> \t\t\t\t<\/div> \t\t\t\t<div class=\"elementor-element elementor-element-faq-accordion elementor-widget elementor-widget-accordion\" data-id=\"faq-accordion\" data-element_type=\"widget\" data-e-type=\"widget\" data-widget_type=\"accordion.default\"> \t\t\t\t<div class=\"elementor-widget-container\"> \t\t\t\t\t\t\t<div class=\"elementor-accordion\"> \t\t\t\t\t\t\t<div class=\"elementor-accordion-item\"> \t\t\t\t\t<h3 id=\"elementor-tab-title-1641\" class=\"elementor-tab-title\" data-tab=\"1\" role=\"button\" aria-controls=\"elementor-tab-content-1641\" aria-expanded=\"false\"> \t\t\t\t\t\t\t\t\t\t\t\t\t<span class=\"elementor-accordion-icon elementor-accordion-icon-left\" aria-hidden=\"true\"> \t\t\t\t\t\t\t\t\t\t\t\t\t\t\t<span class=\"elementor-accordion-icon-closed\"><i class=\"fas fa-plus\"><\/i><\/span> \t\t\t\t\t\t\t\t<span class=\"elementor-accordion-icon-opened\"><i class=\"fas fa-minus\"><\/i><\/span> \t\t\t\t\t\t\t\t\t\t\t\t\t\t<\/span> \t\t\t\t\t\t\t\t\t\t\t\t<a class=\"elementor-accordion-title\" tabindex=\"0\">Was sind die h\u00e4ufigsten Ursachen f\u00fcr R\u00fcckenschmerzen im B\u00fcroalltag?<\/a> \t\t\t\t\t<\/h3> \t\t\t\t\t<div id=\"elementor-tab-content-1641\" class=\"elementor-tab-content elementor-clearfix\" data-tab=\"1\" role=\"region\" aria-labelledby=\"elementor-tab-title-1641\">Die zwei h\u00e4ufigsten Ursachen sind Bewegungsmangel und Fehlbelastung durch langes Sitzen. Wer stundenlang am Schreibtisch sitzt, belastet R\u00fccken und Nacken einseitig, w\u00e4hrend die stabilisierende Muskulatur mangels Beanspruchung schw\u00e4cher wird \u2013 die Folge sind Verspannungen, die sich \u00fcber Zeit verst\u00e4rken k\u00f6nnen.<\/div> \t\t\t\t<\/div> \t\t\t\t\t\t\t<div class=\"elementor-accordion-item\"> \t\t\t\t\t<h3 id=\"elementor-tab-title-1642\" class=\"elementor-tab-title\" data-tab=\"2\" role=\"button\" aria-controls=\"elementor-tab-content-1642\" aria-expanded=\"false\"> \t\t\t\t\t\t\t\t\t\t\t\t\t<span class=\"elementor-accordion-icon elementor-accordion-icon-left\" aria-hidden=\"true\"> \t\t\t\t\t\t\t\t\t\t\t\t\t\t\t<span class=\"elementor-accordion-icon-closed\"><i class=\"fas fa-plus\"><\/i><\/span> \t\t\t\t\t\t\t\t<span class=\"elementor-accordion-icon-opened\"><i class=\"fas fa-minus\"><\/i><\/span> \t\t\t\t\t\t\t\t\t\t\t\t\t\t<\/span> \t\t\t\t\t\t\t\t\t\t\t\t<a class=\"elementor-accordion-title\" tabindex=\"0\">Sollte ich mich bei R\u00fcckenschmerzen schonen oder trainieren?<\/a> \t\t\t\t\t<\/h3> \t\t\t\t\t<div id=\"elementor-tab-content-1642\" class=\"elementor-tab-content elementor-clearfix\" data-tab=\"2\" role=\"region\" aria-labelledby=\"elementor-tab-title-1642\">Die aktuelle medizinische Empfehlung r\u00e4t zu Bewegung statt Schonung. Der Gemeinsame Bundesausschuss hat 2026 best\u00e4tigt, dass angepasste k\u00f6rperliche Aktivit\u00e4t die Genesung f\u00f6rdert, w\u00e4hrend zu lange Schonung das Risiko f\u00fcr chronische Schmerzen erh\u00f6hen kann. Wichtig ist, dass die Bewegung zu deiner individuellen Situation passt.<\/div> \t\t\t\t<\/div> \t\t\t\t\t\t\t<div class=\"elementor-accordion-item\"> \t\t\t\t\t<h3 id=\"elementor-tab-title-1643\" class=\"elementor-tab-title\" data-tab=\"3\" role=\"button\" aria-controls=\"elementor-tab-content-1643\" aria-expanded=\"false\"> \t\t\t\t\t\t\t\t\t\t\t\t\t<span class=\"elementor-accordion-icon elementor-accordion-icon-left\" aria-hidden=\"true\"> \t\t\t\t\t\t\t\t\t\t\t\t\t\t\t<span class=\"elementor-accordion-icon-closed\"><i class=\"fas fa-plus\"><\/i><\/span> \t\t\t\t\t\t\t\t<span class=\"elementor-accordion-icon-opened\"><i class=\"fas fa-minus\"><\/i><\/span> \t\t\t\t\t\t\t\t\t\t\t\t\t\t<\/span> \t\t\t\t\t\t\t\t\t\t\t\t<a class=\"elementor-accordion-title\" tabindex=\"0\">Wann sollte ich mit R\u00fcckenschmerzen einen Arzt aufsuchen?<\/a> \t\t\t\t\t<\/h3> \t\t\t\t\t<div id=\"elementor-tab-content-1643\" class=\"elementor-tab-content elementor-clearfix\" data-tab=\"3\" role=\"region\" aria-labelledby=\"elementor-tab-title-1643\">Suche \u00e4rztlichen Rat, wenn die Schmerzen nach einem Unfall auftreten, mit Taubheitsgef\u00fchl oder L\u00e4hmungserscheinungen in den Beinen einhergehen, von Fieber begleitet werden oder nach wenigen Tagen nicht nachlassen bzw. wiederkehren. Bei Vorerkrankungen wie einem Bandscheibenvorfall sprich vorab mit deinem Arzt.<\/div> \t\t\t\t<\/div> \t\t\t\t\t\t\t<div class=\"elementor-accordion-item\"> \t\t\t\t\t<h3 id=\"elementor-tab-title-1644\" class=\"elementor-tab-title\" data-tab=\"4\" role=\"button\" aria-controls=\"elementor-tab-content-1644\" aria-expanded=\"false\"> \t\t\t\t\t\t\t\t\t\t\t\t\t<span class=\"elementor-accordion-icon elementor-accordion-icon-left\" aria-hidden=\"true\"> \t\t\t\t\t\t\t\t\t\t\t\t\t\t\t<span class=\"elementor-accordion-icon-closed\"><i class=\"fas fa-plus\"><\/i><\/span> \t\t\t\t\t\t\t\t<span class=\"elementor-accordion-icon-opened\"><i class=\"fas fa-minus\"><\/i><\/span> \t\t\t\t\t\t\t\t\t\t\t\t\t\t<\/span> \t\t\t\t\t\t\t\t\t\t\t\t<a class=\"elementor-accordion-title\" tabindex=\"0\">Wie oft sollte ich R\u00fcckentraining pro Woche machen?<\/a> \t\t\t\t\t<\/h3> \t\t\t\t\t<div id=\"elementor-tab-content-1644\" class=\"elementor-tab-content elementor-clearfix\" data-tab=\"4\" role=\"region\" aria-labelledby=\"elementor-tab-title-1644\">F\u00fcr sp\u00fcrbare Verbesserungen werden zwei bis drei gezielte Trainingseinheiten pro Woche empfohlen, kombiniert mit kurzen aktiven Pausen im Alltag. Dein Personal Trainer bei WD Space stimmt die genaue Frequenz auf dein Ausgangsniveau und deine Beschwerden ab.<\/div> \t\t\t\t<\/div> \t\t\t\t\t\t\t<div class=\"elementor-accordion-item\"> \t\t\t\t\t<h3 id=\"elementor-tab-title-1645\" class=\"elementor-tab-title\" data-tab=\"5\" role=\"button\" aria-controls=\"elementor-tab-content-1645\" aria-expanded=\"false\"> \t\t\t\t\t\t\t\t\t\t\t\t\t<span class=\"elementor-accordion-icon elementor-accordion-icon-left\" aria-hidden=\"true\"> \t\t\t\t\t\t\t\t\t\t\t\t\t\t\t<span class=\"elementor-accordion-icon-closed\"><i class=\"fas fa-plus\"><\/i><\/span> \t\t\t\t\t\t\t\t<span class=\"elementor-accordion-icon-opened\"><i class=\"fas fa-minus\"><\/i><\/span> \t\t\t\t\t\t\t\t\t\t\t\t\t\t<\/span> \t\t\t\t\t\t\t\t\t\t\t\t<a class=\"elementor-accordion-title\" tabindex=\"0\">Kann falsches R\u00fcckentraining die Schmerzen verschlimmern?<\/a> \t\t\t\t\t<\/h3> \t\t\t\t\t<div id=\"elementor-tab-content-1645\" class=\"elementor-tab-content elementor-clearfix\" data-tab=\"5\" role=\"region\" aria-labelledby=\"elementor-tab-title-1645\">Ja. Viele Beschwerden entstehen nicht durch zu wenig Training, sondern durch falsche Ausf\u00fchrung \u2013 etwa wenn beim R\u00fcckenstrecker zu stark aus dem unteren R\u00fccken statt aus der H\u00fcfte gearbeitet wird. Ohne fachkundige Anleitung ist dieser Fehler schwer zu erkennen, weshalb professionelles Coaching gerade beim R\u00fcckentraining wichtig ist.<\/div> \t\t\t\t<\/div> \t\t\t\t\t\t\t<div class=\"elementor-accordion-item\"> \t\t\t\t\t<h3 id=\"elementor-tab-title-1646\" class=\"elementor-tab-title\" data-tab=\"6\" role=\"button\" aria-controls=\"elementor-tab-content-1646\" aria-expanded=\"false\"> \t\t\t\t\t\t\t\t\t\t\t\t\t<span class=\"elementor-accordion-icon elementor-accordion-icon-left\" aria-hidden=\"true\"> \t\t\t\t\t\t\t\t\t\t\t\t\t\t\t<span class=\"elementor-accordion-icon-closed\"><i class=\"fas fa-plus\"><\/i><\/span> \t\t\t\t\t\t\t\t<span class=\"elementor-accordion-icon-opened\"><i class=\"fas fa-minus\"><\/i><\/span> \t\t\t\t\t\t\t\t\t\t\t\t\t\t<\/span> \t\t\t\t\t\t\t\t\t\t\t\t<a class=\"elementor-accordion-title\" tabindex=\"0\">Ist R\u00fcckentraining auch bei einem Bandscheibenvorfall geeignet?<\/a> \t\t\t\t\t<\/h3> \t\t\t\t\t<div id=\"elementor-tab-content-1646\" class=\"elementor-tab-content elementor-clearfix\" data-tab=\"6\" role=\"region\" aria-labelledby=\"elementor-tab-title-1646\">Bei einem Bandscheibenvorfall oder einer Spinalkanalstenose solltest du vor dem Training mit deinem Arzt sprechen. Ist gr\u00fcnes Licht gegeben, kann angepasstes, professionell begleitetes Training Teil der Genesung sein \u2013 dein Personal Trainer stimmt sich dabei eng mit deinen medizinischen Vorgaben ab.<\/div> \t\t\t\t<\/div> \t\t\t\t\t\t\t<div class=\"elementor-accordion-item\"> \t\t\t\t\t<h3 id=\"elementor-tab-title-1647\" class=\"elementor-tab-title\" data-tab=\"7\" role=\"button\" aria-controls=\"elementor-tab-content-1647\" aria-expanded=\"false\"> \t\t\t\t\t\t\t\t\t\t\t\t\t<span class=\"elementor-accordion-icon elementor-accordion-icon-left\" aria-hidden=\"true\"> \t\t\t\t\t\t\t\t\t\t\t\t\t\t\t<span class=\"elementor-accordion-icon-closed\"><i class=\"fas fa-plus\"><\/i><\/span> \t\t\t\t\t\t\t\t<span class=\"elementor-accordion-icon-opened\"><i class=\"fas fa-minus\"><\/i><\/span> \t\t\t\t\t\t\t\t\t\t\t\t\t\t<\/span> \t\t\t\t\t\t\t\t\t\t\t\t<a class=\"elementor-accordion-title\" tabindex=\"0\">Wie lange dauert es, bis R\u00fcckentraining wirkt?<\/a> \t\t\t\t\t<\/h3> \t\t\t\t\t<div id=\"elementor-tab-content-1647\" class=\"elementor-tab-content elementor-clearfix\" data-tab=\"7\" role=\"region\" aria-labelledby=\"elementor-tab-title-1647\">Viele Kunden sp\u00fcren erste Entlastung bereits nach wenigen Trainingseinheiten, sp\u00fcrbare Verbesserungen der Haltung und Belastbarkeit meist nach vier bis sechs Wochen regelm\u00e4\u00dfigem Training \u2013 abh\u00e4ngig von Ausgangssituation und Trainingsfrequenz.<\/div> \t\t\t\t<\/div> \t\t\t\t\t\t\t\t\t\t<script type=\"application\/ld+json\">{\"@context\":\"https:\\\/\\\/schema.org\",\"@type\":\"FAQPage\",\"mainEntity\":[{\"@type\":\"Question\",\"name\":\"Was sind die h\\u00e4ufigsten Ursachen f\\u00fcr R\\u00fcckenschmerzen im B\\u00fcroalltag?\",\"acceptedAnswer\":{\"@type\":\"Answer\",\"text\":\"Die zwei h\\u00e4ufigsten Ursachen sind Bewegungsmangel und Fehlbelastung durch langes Sitzen. Wer stundenlang am Schreibtisch sitzt, belastet R\\u00fccken und Nacken einseitig, w\\u00e4hrend die stabilisierende Muskulatur mangels Beanspruchung schw\\u00e4cher wird \\u2013 die Folge sind Verspannungen, die sich \\u00fcber Zeit verst\\u00e4rken k\\u00f6nnen.\"}},{\"@type\":\"Question\",\"name\":\"Sollte ich mich bei R\\u00fcckenschmerzen schonen oder trainieren?\",\"acceptedAnswer\":{\"@type\":\"Answer\",\"text\":\"Die aktuelle medizinische Empfehlung r\\u00e4t zu Bewegung statt Schonung. Der Gemeinsame Bundesausschuss hat 2026 best\\u00e4tigt, dass angepasste k\\u00f6rperliche Aktivit\\u00e4t die Genesung f\\u00f6rdert, w\\u00e4hrend zu lange Schonung das Risiko f\\u00fcr chronische Schmerzen erh\\u00f6hen kann. Wichtig ist, dass die Bewegung zu deiner individuellen Situation passt.\"}},{\"@type\":\"Question\",\"name\":\"Wann sollte ich mit R\\u00fcckenschmerzen einen Arzt aufsuchen?\",\"acceptedAnswer\":{\"@type\":\"Answer\",\"text\":\"Suche \\u00e4rztlichen Rat, wenn die Schmerzen nach einem Unfall auftreten, mit Taubheitsgef\\u00fchl oder L\\u00e4hmungserscheinungen in den Beinen einhergehen, von Fieber begleitet werden oder nach wenigen Tagen nicht nachlassen bzw. wiederkehren. Bei Vorerkrankungen wie einem Bandscheibenvorfall sprich vorab mit deinem Arzt.\"}},{\"@type\":\"Question\",\"name\":\"Wie oft sollte ich R\\u00fcckentraining pro Woche machen?\",\"acceptedAnswer\":{\"@type\":\"Answer\",\"text\":\"F\\u00fcr sp\\u00fcrbare Verbesserungen werden zwei bis drei gezielte Trainingseinheiten pro Woche empfohlen, kombiniert mit kurzen aktiven Pausen im Alltag. Dein Personal Trainer bei WD Space stimmt die genaue Frequenz auf dein Ausgangsniveau und deine Beschwerden ab.\"}},{\"@type\":\"Question\",\"name\":\"Kann falsches R\\u00fcckentraining die Schmerzen verschlimmern?\",\"acceptedAnswer\":{\"@type\":\"Answer\",\"text\":\"Ja. Viele Beschwerden entstehen nicht durch zu wenig Training, sondern durch falsche Ausf\\u00fchrung \\u2013 etwa wenn beim R\\u00fcckenstrecker zu stark aus dem unteren R\\u00fccken statt aus der H\\u00fcfte gearbeitet wird. Ohne fachkundige Anleitung ist dieser Fehler schwer zu erkennen, weshalb professionelles Coaching gerade beim R\\u00fcckentraining wichtig ist.\"}},{\"@type\":\"Question\",\"name\":\"Ist R\\u00fcckentraining auch bei einem Bandscheibenvorfall geeignet?\",\"acceptedAnswer\":{\"@type\":\"Answer\",\"text\":\"Bei einem Bandscheibenvorfall oder einer Spinalkanalstenose solltest du vor dem Training mit deinem Arzt sprechen. Ist gr\\u00fcnes Licht gegeben, kann angepasstes, professionell begleitetes Training Teil der Genesung sein \\u2013 dein Personal Trainer stimmt sich dabei eng mit deinen medizinischen Vorgaben ab.\"}},{\"@type\":\"Question\",\"name\":\"Wie lange dauert es, bis R\\u00fcckentraining wirkt?\",\"acceptedAnswer\":{\"@type\":\"Answer\",\"text\":\"Viele Kunden sp\\u00fcren erste Entlastung bereits nach wenigen Trainingseinheiten, sp\\u00fcrbare Verbesserungen der Haltung und Belastbarkeit meist nach vier bis sechs Wochen regelm\\u00e4\\u00dfigem Training \\u2013 abh\\u00e4ngig von Ausgangssituation und Trainingsfrequenz.\"}}]}<\/script> \t\t\t\t\t<\/div> \t\t\t\t\t\t<\/div> \t\t\t\t<\/div> \t\t<div class=\"elementor-element elementor-element-faq-cta-row e-flex e-con-boxed e-con e-child\" data-id=\"faq-cta-row\" data-element_type=\"container\" data-e-type=\"container\"> \t\t\t\t\t<div class=\"e-con-inner\"> \t\t\t\t<div class=\"elementor-element elementor-element-faq-cta elementor-widget elementor-widget-button\" data-id=\"faq-cta\" data-element_type=\"widget\" data-e-type=\"widget\" data-widget_type=\"button.default\"> \t\t\t\t<div class=\"elementor-widget-container\"> \t\t\t\t\t\t\t\t\t<div class=\"elementor-button-wrapper\"> \t\t\t\t\t<a class=\"elementor-button elementor-button-link elementor-size-md\" href=\"https:\/\/wd-space.com\/formular-client\/\" rel=\"nofollow\"> \t\t\t\t\t\t<span class=\"elementor-button-content-wrapper\"> \t\t\t\t\t\t\t\t\t<span class=\"elementor-button-text\">Zum kostenlosen Kennenlerngespr\u00e4ch<\/span> \t\t\t\t\t<\/span> \t\t\t\t\t<\/a> \t\t\t\t<\/div> \t\t\t\t\t\t\t\t<\/div> \t\t\t\t<\/div> \t\t\t\t\t<\/div> \t\t\t\t<\/div> \t\t\t\t\t<\/div> \t\t\t\t<\/section> \t\t<section class=\"elementor-element elementor-element-kontakt e-flex e-con-boxed elementor-invisible e-con e-parent\" data-id=\"kontakt\" data-element_type=\"container\" data-e-type=\"container\" data-settings=\"{&quot;background_background&quot;:&quot;classic&quot;,&quot;animation&quot;:&quot;fadeIn&quot;}\"> \t\t\t\t\t<div class=\"e-con-inner\"> \t\t\t\t<div class=\"elementor-element elementor-element-kontakt-eyebrow elementor-widget elementor-widget-heading\" data-id=\"kontakt-eyebrow\" data-element_type=\"widget\" data-e-type=\"widget\" data-widget_type=\"heading.default\"> \t\t\t\t<div class=\"elementor-widget-container\"> \t\t\t\t\t<p class=\"elementor-heading-title elementor-size-default\">Kostenloses Kennenlerngespr\u00e4ch<\/p>\t\t\t\t<\/div> \t\t\t\t<\/div> \t\t\t\t<div class=\"elementor-element elementor-element-kontakt-title elementor-widget elementor-widget-heading\" data-id=\"kontakt-title\" data-element_type=\"widget\" data-e-type=\"widget\" data-widget_type=\"heading.default\"> \t\t\t\t<div class=\"elementor-widget-container\"> \t\t\t\t\t<h2 class=\"elementor-heading-title elementor-size-default\">Starte jetzt dein R\u00fcckentraining in Charlottenburg<\/h2>\t\t\t\t<\/div> \t\t\t\t<\/div> \t\t\t\t<div class=\"elementor-element elementor-element-kontakt-body elementor-widget elementor-widget-text-editor\" data-id=\"kontakt-body\" data-element_type=\"widget\" data-e-type=\"widget\" data-widget_type=\"text-editor.default\"> \t\t\t\t<div class=\"elementor-widget-container\"> \t\t\t\t\t\t\t\t\t<p>Vereinbare dein kostenloses Kennenlerngespr\u00e4ch und finde heraus, wie ein individueller Trainingsplan gegen deine R\u00fcckenschmerzen bei WD Space aussieht.<\/p>\t\t\t\t\t\t\t\t<\/div> \t\t\t\t<\/div> \t\t<div class=\"elementor-element elementor-element-kontakt-cta-row e-flex e-con-boxed e-con e-child\" data-id=\"kontakt-cta-row\" data-element_type=\"container\" data-e-type=\"container\"> \t\t\t\t\t<div class=\"e-con-inner\"> \t\t\t\t<div class=\"elementor-element elementor-element-kontakt-cta-email elementor-widget elementor-widget-button\" data-id=\"kontakt-cta-email\" data-element_type=\"widget\" data-e-type=\"widget\" data-widget_type=\"button.default\"> \t\t\t\t<div class=\"elementor-widget-container\"> \t\t\t\t\t\t\t\t\t<div class=\"elementor-button-wrapper\"> \t\t\t\t\t<a class=\"elementor-button elementor-button-link elementor-size-lg\" href=\"https:\/\/wd-space.com\/formular-client\/\" rel=\"nofollow\"> \t\t\t\t\t\t<span class=\"elementor-button-content-wrapper\"> \t\t\t\t\t\t\t\t\t<span class=\"elementor-button-text\">Kennenlerngespr\u00e4ch anfragen \u2192<\/span> \t\t\t\t\t<\/span> \t\t\t\t\t<\/a> \t\t\t\t<\/div> \t\t\t\t\t\t\t\t<\/div> \t\t\t\t<\/div> \t\t\t\t<div class=\"elementor-element elementor-element-kontakt-cta-phone elementor-widget elementor-widget-button\" data-id=\"kontakt-cta-phone\" data-element_type=\"widget\" data-e-type=\"widget\" data-widget_type=\"button.default\"> \t\t\t\t<div class=\"elementor-widget-container\"> \t\t\t\t\t\t\t\t\t<div class=\"elementor-button-wrapper\"> \t\t\t\t\t<a class=\"elementor-button elementor-button-link elementor-size-lg\" href=\"tel:+491762319521\"> \t\t\t\t\t\t<span class=\"elementor-button-content-wrapper\"> \t\t\t\t\t\t\t\t\t<span class=\"elementor-button-text\">+49 176 231 96 521<\/span> \t\t\t\t\t<\/span> \t\t\t\t\t<\/a> \t\t\t\t<\/div> \t\t\t\t\t\t\t\t<\/div> \t\t\t\t<\/div> \t\t\t\t\t<\/div> \t\t\t\t<\/div> \t\t\t\t\t<\/div> \t\t\t\t<\/section> \t\t\t\t<\/div>","protected":false},"excerpt":{"rendered":"<p>Personal Training \u00b7 R\u00fcckentraining R\u00fcckenschmerzen durch B\u00fcroalltag lindern: R\u00fcckentraining mit Personal Trainer in Berlin Gezieltes Training gegen R\u00fcckenschmerzen und f\u00fcr eine starke, stabile Haltung \u2013 individuell abgestimmt auf deinen Alltag und deine Beschwerden. Jetzt kostenlos anfragen Alle Leistungen 2 Hauptursachen f\u00fcr R\u00fcckenschmerzen im B\u00fcroalltag: Bewegungsmangel und Fehlbelastung 2026 Aktualisierte G-BA-Leitlinie empfiehlt Bewegung statt Schonung bei [&hellip;]<\/p>\n","protected":false},"author":1,"featured_media":0,"parent":952,"menu_order":0,"comment_status":"closed","ping_status":"closed","template":"","meta":{"footnotes":""},"categories":[],"tags":[],"class_list":["post-1702","page","type-page","status-publish","hentry"],"yoast_head":"<!-- This site is optimized with the Yoast SEO plugin v28.4 - https:\/\/yoast.com\/product\/yoast-seo-wordpress\/ -->\n<title>R\u00fcckenschmerzen durch B\u00fcroalltag lindern: R\u00fcckentraining mit Personal Trainer in Berlin<\/title>\n<meta name=\"description\" content=\"R\u00fcckenschmerzen im B\u00fcroalltag? Gezieltes R\u00fcckentraining mit Personal Trainer in Charlottenburg \u2013 individuell, sicher und wissenschaftlich fundiert. Jetzt anfragen.\" \/>\n<meta name=\"robots\" content=\"index, follow, max-snippet:-1, max-image-preview:large, max-video-preview:-1\" \/>\n<link rel=\"canonical\" href=\"https:\/\/wd-space.com\/en\/leistungen\/rueckentraining\/\" \/>\n<meta property=\"og:locale\" content=\"en_GB\" \/>\n<meta property=\"og:type\" content=\"article\" \/>\n<meta property=\"og:title\" content=\"R\u00fcckenschmerzen durch B\u00fcroalltag lindern: R\u00fcckentraining mit Personal Trainer in Berlin\" \/>\n<meta property=\"og:description\" content=\"R\u00fcckenschmerzen im B\u00fcroalltag? Gezieltes R\u00fcckentraining mit Personal Trainer in Charlottenburg \u2013 individuell, sicher und wissenschaftlich fundiert. Jetzt anfragen.\" \/>\n<meta property=\"og:url\" content=\"https:\/\/wd-space.com\/en\/leistungen\/rueckentraining\/\" \/>\n<meta property=\"og:site_name\" content=\"WD Space\" \/>\n<meta property=\"article:modified_time\" content=\"2026-07-28T14:38:12+00:00\" \/>\n<meta property=\"og:image\" content=\"https:\/\/wd-space.com\/wp-content\/uploads\/2023\/08\/Favicon.png\" \/>\n\t<meta property=\"og:image:width\" content=\"512\" \/>\n\t<meta property=\"og:image:height\" content=\"512\" \/>\n\t<meta property=\"og:image:type\" content=\"image\/png\" \/>\n<meta name=\"twitter:card\" content=\"summary_large_image\" \/>\n<meta name=\"twitter:label1\" content=\"Estimated reading time\" \/>\n\t<meta name=\"twitter:data1\" content=\"6 minutes\" \/>\n<script type=\"application\/ld+json\" class=\"yoast-schema-graph\">{\"@context\":\"https:\\\/\\\/schema.org\",\"@graph\":[{\"@type\":\"WebPage\",\"@id\":\"https:\\\/\\\/wd-space.com\\\/leistungen\\\/rueckentraining\\\/\",\"url\":\"https:\\\/\\\/wd-space.com\\\/leistungen\\\/rueckentraining\\\/\",\"name\":\"R\u00fcckenschmerzen durch B\u00fcroalltag lindern: R\u00fcckentraining mit Personal Trainer in Berlin\",\"isPartOf\":{\"@id\":\"https:\\\/\\\/wd-space.com\\\/#website\"},\"datePublished\":\"2026-07-14T18:58:14+00:00\",\"dateModified\":\"2026-07-28T14:38:12+00:00\",\"description\":\"R\u00fcckenschmerzen im B\u00fcroalltag? Gezieltes R\u00fcckentraining mit Personal Trainer in Charlottenburg \u2013 individuell, sicher und wissenschaftlich fundiert. Jetzt anfragen.\",\"breadcrumb\":{\"@id\":\"https:\\\/\\\/wd-space.com\\\/leistungen\\\/rueckentraining\\\/#breadcrumb\"},\"inLanguage\":\"en-GB\",\"potentialAction\":[{\"@type\":\"ReadAction\",\"target\":[\"https:\\\/\\\/wd-space.com\\\/leistungen\\\/rueckentraining\\\/\"]}]},{\"@type\":\"BreadcrumbList\",\"@id\":\"https:\\\/\\\/wd-space.com\\\/leistungen\\\/rueckentraining\\\/#breadcrumb\",\"itemListElement\":[{\"@type\":\"ListItem\",\"position\":1,\"name\":\"Home\",\"item\":\"https:\\\/\\\/wd-space.com\\\/\"},{\"@type\":\"ListItem\",\"position\":2,\"name\":\"Unsere Leistungen\",\"item\":\"https:\\\/\\\/wd-space.com\\\/leistungen\\\/\"},{\"@type\":\"ListItem\",\"position\":3,\"name\":\"R\u00fcckentraining\"}]},{\"@type\":\"WebSite\",\"@id\":\"https:\\\/\\\/wd-space.com\\\/#website\",\"url\":\"https:\\\/\\\/wd-space.com\\\/\",\"name\":\"WD Space \u2013 Personal Training Studio\",\"description\":\"Boutique Studio\",\"publisher\":{\"@id\":\"https:\\\/\\\/wd-space.com\\\/#organization\"},\"alternateName\":\"WD Space\",\"potentialAction\":[{\"@type\":\"SearchAction\",\"target\":{\"@type\":\"EntryPoint\",\"urlTemplate\":\"https:\\\/\\\/wd-space.com\\\/?s={search_term_string}\"},\"query-input\":{\"@type\":\"PropertyValueSpecification\",\"valueRequired\":true,\"valueName\":\"search_term_string\"}}],\"inLanguage\":\"en-GB\"},{\"@type\":\"Organization\",\"@id\":\"https:\\\/\\\/wd-space.com\\\/#organization\",\"name\":\"WD Space \u2013 Personal Training Studio\",\"alternateName\":\"WD Space\",\"url\":\"https:\\\/\\\/wd-space.com\\\/\",\"logo\":{\"@type\":\"ImageObject\",\"inLanguage\":\"en-GB\",\"@id\":\"https:\\\/\\\/wd-space.com\\\/#\\\/schema\\\/logo\\\/image\\\/\",\"url\":\"https:\\\/\\\/wd-space.com\\\/wp-content\\\/uploads\\\/2023\\\/08\\\/WD_Space_Logo_black_webRZ.png\",\"contentUrl\":\"https:\\\/\\\/wd-space.com\\\/wp-content\\\/uploads\\\/2023\\\/08\\\/WD_Space_Logo_black_webRZ.png\",\"width\":886,\"height\":665,\"caption\":\"WD Space \u2013 Personal Training Studio\"},\"image\":{\"@id\":\"https:\\\/\\\/wd-space.com\\\/#\\\/schema\\\/logo\\\/image\\\/\"},\"sameAs\":[\"https:\\\/\\\/www.instagram.com\\\/wd.space\\\/?igshid=MjEwN2IyYWYwYw\"]}]}<\/script>\n<!-- \/ Yoast SEO plugin. -->","yoast_head_json":{"title":"R\u00fcckenschmerzen durch B\u00fcroalltag lindern: R\u00fcckentraining mit Personal Trainer in Berlin","description":"R\u00fcckenschmerzen im B\u00fcroalltag? Gezieltes R\u00fcckentraining mit Personal Trainer in Charlottenburg \u2013 individuell, sicher und wissenschaftlich fundiert. Jetzt anfragen.","robots":{"index":"index","follow":"follow","max-snippet":"max-snippet:-1","max-image-preview":"max-image-preview:large","max-video-preview":"max-video-preview:-1"},"canonical":"https:\/\/wd-space.com\/en\/leistungen\/rueckentraining\/","og_locale":"en_GB","og_type":"article","og_title":"R\u00fcckenschmerzen durch B\u00fcroalltag lindern: R\u00fcckentraining mit Personal Trainer in Berlin","og_description":"R\u00fcckenschmerzen im B\u00fcroalltag? Gezieltes R\u00fcckentraining mit Personal Trainer in Charlottenburg \u2013 individuell, sicher und wissenschaftlich fundiert. Jetzt anfragen.","og_url":"https:\/\/wd-space.com\/en\/leistungen\/rueckentraining\/","og_site_name":"WD Space","article_modified_time":"2026-07-28T14:38:12+00:00","og_image":[{"width":512,"height":512,"url":"https:\/\/wd-space.com\/wp-content\/uploads\/2023\/08\/Favicon.png","type":"image\/png"}],"twitter_card":"summary_large_image","twitter_misc":{"Estimated reading time":"6 minutes"},"schema":{"@context":"https:\/\/schema.org","@graph":[{"@type":"WebPage","@id":"https:\/\/wd-space.com\/leistungen\/rueckentraining\/","url":"https:\/\/wd-space.com\/leistungen\/rueckentraining\/","name":"R\u00fcckenschmerzen durch B\u00fcroalltag lindern: R\u00fcckentraining mit Personal Trainer in Berlin","isPartOf":{"@id":"https:\/\/wd-space.com\/#website"},"datePublished":"2026-07-14T18:58:14+00:00","dateModified":"2026-07-28T14:38:12+00:00","description":"R\u00fcckenschmerzen im B\u00fcroalltag? Gezieltes R\u00fcckentraining mit Personal Trainer in Charlottenburg \u2013 individuell, sicher und wissenschaftlich fundiert. Jetzt anfragen.","breadcrumb":{"@id":"https:\/\/wd-space.com\/leistungen\/rueckentraining\/#breadcrumb"},"inLanguage":"en-GB","potentialAction":[{"@type":"ReadAction","target":["https:\/\/wd-space.com\/leistungen\/rueckentraining\/"]}]},{"@type":"BreadcrumbList","@id":"https:\/\/wd-space.com\/leistungen\/rueckentraining\/#breadcrumb","itemListElement":[{"@type":"ListItem","position":1,"name":"Home","item":"https:\/\/wd-space.com\/"},{"@type":"ListItem","position":2,"name":"Unsere Leistungen","item":"https:\/\/wd-space.com\/leistungen\/"},{"@type":"ListItem","position":3,"name":"R\u00fcckentraining"}]},{"@type":"WebSite","@id":"https:\/\/wd-space.com\/#website","url":"https:\/\/wd-space.com\/","name":"WD Space \u2013 Personal Training Studio","description":"Boutique Studio","publisher":{"@id":"https:\/\/wd-space.com\/#organization"},"alternateName":"WD Space","potentialAction":[{"@type":"SearchAction","target":{"@type":"EntryPoint","urlTemplate":"https:\/\/wd-space.com\/?s={search_term_string}"},"query-input":{"@type":"PropertyValueSpecification","valueRequired":true,"valueName":"search_term_string"}}],"inLanguage":"en-GB"},{"@type":"Organization","@id":"https:\/\/wd-space.com\/#organization","name":"WD Space \u2013 Personal Training Studio","alternateName":"WD Space","url":"https:\/\/wd-space.com\/","logo":{"@type":"ImageObject","inLanguage":"en-GB","@id":"https:\/\/wd-space.com\/#\/schema\/logo\/image\/","url":"https:\/\/wd-space.com\/wp-content\/uploads\/2023\/08\/WD_Space_Logo_black_webRZ.png","contentUrl":"https:\/\/wd-space.com\/wp-content\/uploads\/2023\/08\/WD_Space_Logo_black_webRZ.png","width":886,"height":665,"caption":"WD Space \u2013 Personal Training Studio"},"image":{"@id":"https:\/\/wd-space.com\/#\/schema\/logo\/image\/"},"sameAs":["https:\/\/www.instagram.com\/wd.space\/?igshid=MjEwN2IyYWYwYw"]}]}},"_links":{"self":[{"href":"https:\/\/wd-space.com\/en\/wp-json\/wp\/v2\/pages\/1702","targetHints":{"allow":["GET"]}}],"collection":[{"href":"https:\/\/wd-space.com\/en\/wp-json\/wp\/v2\/pages"}],"about":[{"href":"https:\/\/wd-space.com\/en\/wp-json\/wp\/v2\/types\/page"}],"author":[{"embeddable":true,"href":"https:\/\/wd-space.com\/en\/wp-json\/wp\/v2\/users\/1"}],"replies":[{"embeddable":true,"href":"https:\/\/wd-space.com\/en\/wp-json\/wp\/v2\/comments?post=1702"}],"version-history":[{"count":23,"href":"https:\/\/wd-space.com\/en\/wp-json\/wp\/v2\/pages\/1702\/revisions"}],"predecessor-version":[{"id":2233,"href":"https:\/\/wd-space.com\/en\/wp-json\/wp\/v2\/pages\/1702\/revisions\/2233"}],"up":[{"embeddable":true,"href":"https:\/\/wd-space.com\/en\/wp-json\/wp\/v2\/pages\/952"}],"wp:attachment":[{"href":"https:\/\/wd-space.com\/en\/wp-json\/wp\/v2\/media?parent=1702"}],"wp:term":[{"taxonomy":"category","embeddable":true,"href":"https:\/\/wd-space.com\/en\/wp-json\/wp\/v2\/categories?post=1702"},{"taxonomy":"post_tag","embeddable":true,"href":"https:\/\/wd-space.com\/en\/wp-json\/wp\/v2\/tags?post=1702"}],"curies":[{"name":"wp","href":"https:\/\/api.w.org\/{rel}","templated":true}]}}